{"id":13323,"date":"2024-08-13T07:02:55","date_gmt":"2024-08-13T07:02:55","guid":{"rendered":"https:\/\/analysismedlav.it\/?page_id=13323"},"modified":"2024-08-20T16:19:22","modified_gmt":"2024-08-20T16:19:22","slug":"analysis-corsi-di-formazione-2","status":"publish","type":"page","link":"https:\/\/analysismedlav.it\/index.php\/analysis-corsi-di-formazione-2\/","title":{"rendered":"Analysis Corsi di Formazione"},"content":{"rendered":"\t\t<div data-elementor-type=\"wp-page\" data-elementor-id=\"13323\" class=\"elementor elementor-13323\" data-elementor-post-type=\"page\">\n\t\t\t\t\t\t<section class=\"elementor-section elementor-top-section elementor-element elementor-element-4160012 elementor-section-full_width elementor-section-height-default elementor-section-height-default\" data-id=\"4160012\" data-element_type=\"section\" data-e-type=\"section\" data-settings=\"{&quot;shape_divider_bottom&quot;:&quot;mountains&quot;}\">\n\t\t\t\t\t\t\t<div class=\"elementor-background-overlay\"><\/div>\n\t\t\t\t\t\t<div class=\"elementor-shape elementor-shape-bottom\" aria-hidden=\"true\" data-negative=\"false\">\n\t\t\t<svg xmlns=\"http:\/\/www.w3.org\/2000\/svg\" viewBox=\"0 0 1000 100\" preserveAspectRatio=\"none\">\n\t<path class=\"elementor-shape-fill\" opacity=\"0.33\" d=\"M473,67.3c-203.9,88.3-263.1-34-320.3,0C66,119.1,0,59.7,0,59.7V0h1000v59.7 c0,0-62.1,26.1-94.9,29.3c-32.8,3.3-62.8-12.3-75.8-22.1C806,49.6,745.3,8.7,694.9,4.7S492.4,59,473,67.3z\"\/>\n\t<path class=\"elementor-shape-fill\" opacity=\"0.66\" d=\"M734,67.3c-45.5,0-77.2-23.2-129.1-39.1c-28.6-8.7-150.3-10.1-254,39.1 s-91.7-34.4-149.2,0C115.7,118.3,0,39.8,0,39.8V0h1000v36.5c0,0-28.2-18.5-92.1-18.5C810.2,18.1,775.7,67.3,734,67.3z\"\/>\n\t<path class=\"elementor-shape-fill\" d=\"M766.1,28.9c-200-57.5-266,65.5-395.1,19.5C242,1.8,242,5.4,184.8,20.6C128,35.8,132.3,44.9,89.9,52.5C28.6,63.7,0,0,0,0 h1000c0,0-9.9,40.9-83.6,48.1S829.6,47,766.1,28.9z\"\/>\n<\/svg>\t\t<\/div>\n\t\t\t\t\t<div class=\"elementor-container elementor-column-gap-wider\">\n\t\t\t\t\t<div class=\"elementor-column elementor-col-100 elementor-top-column elementor-element elementor-element-6501021\" data-id=\"6501021\" data-element_type=\"column\" data-e-type=\"column\">\n\t\t\t<div class=\"elementor-widget-wrap\">\n\t\t\t\t\t\t\t<\/div>\n\t\t<\/div>\n\t\t\t\t\t<\/div>\n\t\t<\/section>\n\t\t<div class=\"elementor-element elementor-element-46d65cb e-con-full e-flex e-con e-parent\" data-id=\"46d65cb\" data-element_type=\"container\" data-e-type=\"container\">\n\t\t\t\t<\/div>\n\t\t<div class=\"elementor-element elementor-element-d4caf25 e-con-full e-flex e-con e-parent\" data-id=\"d4caf25\" data-element_type=\"container\" data-e-type=\"container\" data-settings=\"{&quot;background_background&quot;:&quot;classic&quot;}\">\n\t\t<div class=\"elementor-element elementor-element-3b350f12 e-con-full e-flex e-con e-child\" data-id=\"3b350f12\" data-element_type=\"container\" data-e-type=\"container\">\n\t\t\t\t<div class=\"elementor-element elementor-element-3756bc43 elementor-widget__width-auto elementor-widget elementor-widget-heading\" data-id=\"3756bc43\" data-element_type=\"widget\" data-e-type=\"widget\" data-widget_type=\"heading.default\">\n\t\t\t\t<div class=\"elementor-widget-container\">\n\t\t\t\t\t<h2 class=\"elementor-heading-title elementor-size-default\">La consapevolezza crea Sicurezza<\/h2>\t\t\t\t<\/div>\n\t\t\t\t<\/div>\n\t\t\t\t<div class=\"elementor-element elementor-element-5760fdb3 elementor-widget elementor-widget-heading\" data-id=\"5760fdb3\" data-element_type=\"widget\" data-e-type=\"widget\" data-widget_type=\"heading.default\">\n\t\t\t\t<div class=\"elementor-widget-container\">\n\t\t\t\t\t<h5 class=\"elementor-heading-title elementor-size-default\">Non \u00e8 uno slogan: Essere consapevoli della normativa obbligatoria in tema di salute e sicurezza sul lavoro, dei pericoli presenti sul luogo di lavoro, delle proprie responsabilit\u00e0 e dei propri compiti e doveri nella prevenzione di incidenti ed infortuni - fa la differenza - <\/h5>\t\t\t\t<\/div>\n\t\t\t\t<\/div>\n\t\t\t\t<\/div>\n\t\t<div class=\"elementor-element elementor-element-1d457f3d e-con-full elementor-hidden-mobile e-flex e-con e-child\" data-id=\"1d457f3d\" data-element_type=\"container\" data-e-type=\"container\">\n\t\t\t\t<div class=\"elementor-element elementor-element-6fe4888c elementor-widget-tablet__width-initial elementor-widget-mobile__width-inherit elementor-widget__width-initial elementor-position-top elementor-widget elementor-widget-image-box\" data-id=\"6fe4888c\" data-element_type=\"widget\" data-e-type=\"widget\" data-widget_type=\"image-box.default\">\n\t\t\t\t<div class=\"elementor-widget-container\">\n\t\t\t\t\t<div class=\"elementor-image-box-wrapper\"><figure class=\"elementor-image-box-img\"><img fetchpriority=\"high\" decoding=\"async\" width=\"1024\" height=\"1024\" src=\"https:\/\/analysismedlav.it\/wp-content\/uploads\/2024\/08\/24f0d8df-5204-491b-ad8a-16090585ea61.jpg\" class=\"attachment-full size-full wp-image-13302\" alt=\"\" srcset=\"https:\/\/analysismedlav.it\/wp-content\/uploads\/2024\/08\/24f0d8df-5204-491b-ad8a-16090585ea61.jpg 1024w, https:\/\/analysismedlav.it\/wp-content\/uploads\/2024\/08\/24f0d8df-5204-491b-ad8a-16090585ea61-300x300.jpg 300w, https:\/\/analysismedlav.it\/wp-content\/uploads\/2024\/08\/24f0d8df-5204-491b-ad8a-16090585ea61-150x150.jpg 150w, https:\/\/analysismedlav.it\/wp-content\/uploads\/2024\/08\/24f0d8df-5204-491b-ad8a-16090585ea61-768x768.jpg 768w\" sizes=\"(max-width: 1024px) 100vw, 1024px\" \/><\/figure><div class=\"elementor-image-box-content\"><h4 class=\"elementor-image-box-title\">Una guida per la formazione<\/h4><p class=\"elementor-image-box-description\">E' importante e fondamentale che Azienda, Datore di Lavoro e Addetti alla sicurezza in Azienda siano consigliati e guidati nella scelta e nell'applicazione dei corretti percorsi di formazione.\n<br> Parte del nostro compito di consulenza \u00e8 esattamente questo: fornire ai nostri Clienti la corretta formazione in ambito D.Lgs. 81\/08<\/p><\/div><\/div>\t\t\t\t<\/div>\n\t\t\t\t<\/div>\n\t\t\t\t<div class=\"elementor-element elementor-element-622ca8f9 elementor-widget-tablet__width-initial elementor-widget-mobile__width-inherit elementor-widget__width-initial elementor-position-top elementor-widget elementor-widget-image-box\" data-id=\"622ca8f9\" data-element_type=\"widget\" data-e-type=\"widget\" data-widget_type=\"image-box.default\">\n\t\t\t\t<div class=\"elementor-widget-container\">\n\t\t\t\t\t<div class=\"elementor-image-box-wrapper\"><figure class=\"elementor-image-box-img\"><img decoding=\"async\" width=\"1024\" height=\"1024\" src=\"https:\/\/analysismedlav.it\/wp-content\/uploads\/2024\/08\/a92cde70-37b6-4ee8-b5fa-364aeca43139.jpg\" class=\"attachment-full size-full wp-image-13303\" alt=\"\" srcset=\"https:\/\/analysismedlav.it\/wp-content\/uploads\/2024\/08\/a92cde70-37b6-4ee8-b5fa-364aeca43139.jpg 1024w, https:\/\/analysismedlav.it\/wp-content\/uploads\/2024\/08\/a92cde70-37b6-4ee8-b5fa-364aeca43139-300x300.jpg 300w, https:\/\/analysismedlav.it\/wp-content\/uploads\/2024\/08\/a92cde70-37b6-4ee8-b5fa-364aeca43139-150x150.jpg 150w, https:\/\/analysismedlav.it\/wp-content\/uploads\/2024\/08\/a92cde70-37b6-4ee8-b5fa-364aeca43139-768x768.jpg 768w\" sizes=\"(max-width: 1024px) 100vw, 1024px\" \/><\/figure><div class=\"elementor-image-box-content\"><h4 class=\"elementor-image-box-title\">Gamma completa di corsi<\/h4><p class=\"elementor-image-box-description\">Svolgiamo i corsi di formazione attraverso l'operato di Formatori per la sicurezza interni,  qualificati ai sensi della normativa vigente e con il supporto di personale docente in collaborazione.<br> Soddisfiamo l'esigenza formativa dei nostri Clienti nella sua totalit\u00e0.<\/p><\/div><\/div>\t\t\t\t<\/div>\n\t\t\t\t<\/div>\n\t\t\t\t<div class=\"elementor-element elementor-element-3e6674ec elementor-widget-tablet__width-initial elementor-widget-mobile__width-inherit elementor-widget__width-initial elementor-position-top elementor-widget elementor-widget-image-box\" data-id=\"3e6674ec\" data-element_type=\"widget\" data-e-type=\"widget\" data-widget_type=\"image-box.default\">\n\t\t\t\t<div class=\"elementor-widget-container\">\n\t\t\t\t\t<div class=\"elementor-image-box-wrapper\"><figure class=\"elementor-image-box-img\"><img decoding=\"async\" width=\"1024\" height=\"1024\" src=\"https:\/\/analysismedlav.it\/wp-content\/uploads\/2024\/08\/5470580e-e5a5-4fa2-87a4-e1306fc07e44.jpg\" class=\"attachment-full size-full wp-image-13304\" alt=\"\" srcset=\"https:\/\/analysismedlav.it\/wp-content\/uploads\/2024\/08\/5470580e-e5a5-4fa2-87a4-e1306fc07e44.jpg 1024w, https:\/\/analysismedlav.it\/wp-content\/uploads\/2024\/08\/5470580e-e5a5-4fa2-87a4-e1306fc07e44-300x300.jpg 300w, https:\/\/analysismedlav.it\/wp-content\/uploads\/2024\/08\/5470580e-e5a5-4fa2-87a4-e1306fc07e44-150x150.jpg 150w, https:\/\/analysismedlav.it\/wp-content\/uploads\/2024\/08\/5470580e-e5a5-4fa2-87a4-e1306fc07e44-768x768.jpg 768w\" sizes=\"(max-width: 1024px) 100vw, 1024px\" \/><\/figure><div class=\"elementor-image-box-content\"><h4 class=\"elementor-image-box-title\">In aula e in sede Aziendale<\/h4><p class=\"elementor-image-box-description\">I corsi di formazione sono organizzati con cadenza periodica presso le nostre sedi di Cairo Montenotte - Corso Marconi 168a - e di Savona - Via Piave 10\/2. <br> Sono organizzati, su richiesta,corsi presso le Sedi Aziendali dei Clienti, in locali idonei allo scopo.\n<\/p><\/div><\/div>\t\t\t\t<\/div>\n\t\t\t\t<\/div>\n\t\t\t\t<div class=\"elementor-element elementor-element-76cb9203 elementor-widget-tablet__width-initial elementor-widget-mobile__width-inherit elementor-widget__width-initial elementor-position-top elementor-widget elementor-widget-image-box\" data-id=\"76cb9203\" data-element_type=\"widget\" data-e-type=\"widget\" data-widget_type=\"image-box.default\">\n\t\t\t\t<div class=\"elementor-widget-container\">\n\t\t\t\t\t<div class=\"elementor-image-box-wrapper\"><figure class=\"elementor-image-box-img\"><img loading=\"lazy\" decoding=\"async\" width=\"1024\" height=\"1024\" src=\"https:\/\/analysismedlav.it\/wp-content\/uploads\/2024\/08\/64cc6707-7781-4135-889c-f10b5a2bfa99.jpg\" class=\"attachment-full size-full wp-image-13305\" alt=\"\" srcset=\"https:\/\/analysismedlav.it\/wp-content\/uploads\/2024\/08\/64cc6707-7781-4135-889c-f10b5a2bfa99.jpg 1024w, https:\/\/analysismedlav.it\/wp-content\/uploads\/2024\/08\/64cc6707-7781-4135-889c-f10b5a2bfa99-300x300.jpg 300w, https:\/\/analysismedlav.it\/wp-content\/uploads\/2024\/08\/64cc6707-7781-4135-889c-f10b5a2bfa99-150x150.jpg 150w, https:\/\/analysismedlav.it\/wp-content\/uploads\/2024\/08\/64cc6707-7781-4135-889c-f10b5a2bfa99-768x768.jpg 768w\" sizes=\"(max-width: 1024px) 100vw, 1024px\" \/><\/figure><div class=\"elementor-image-box-content\"><h4 class=\"elementor-image-box-title\">Utilizzo della tecnologia<\/h4><p class=\"elementor-image-box-description\">Ove consentito dalla normativa possiamo fornire la possibilit\u00e0 di frequentare i corsi di formazione anche in modalit\u00e0 \"on-line\" attraverso una connessione internet  , sia in modalit\u00e0 \"e-learning\" che in modalit\u00e0 \"videoconferenza sincrona\". <\/p><\/div><\/div>\t\t\t\t<\/div>\n\t\t\t\t<\/div>\n\t\t\t\t<\/div>\n\t\t<div class=\"elementor-element elementor-element-4c50d66 e-con-full elementor-hidden-desktop elementor-hidden-tablet e-flex e-con e-child\" data-id=\"4c50d66\" data-element_type=\"container\" data-e-type=\"container\">\n\t\t\t\t<div class=\"elementor-element elementor-element-c9d1415 elementor-widget-tablet__width-initial elementor-widget-mobile__width-inherit elementor-widget__width-initial elementor-position-top elementor-widget elementor-widget-image-box\" data-id=\"c9d1415\" data-element_type=\"widget\" data-e-type=\"widget\" data-widget_type=\"image-box.default\">\n\t\t\t\t<div class=\"elementor-widget-container\">\n\t\t\t\t\t<div class=\"elementor-image-box-wrapper\"><figure class=\"elementor-image-box-img\"><a href=\"https:\/\/library.elementor.com\/local-services-wireframe-1-flexbox\/services\/#service_1\" tabindex=\"-1\"><img loading=\"lazy\" decoding=\"async\" width=\"1024\" height=\"512\" src=\"https:\/\/analysismedlav.it\/wp-content\/uploads\/2024\/08\/1024x512_corsi_1.png\" class=\"attachment-full size-full wp-image-14087\" alt=\"\" srcset=\"https:\/\/analysismedlav.it\/wp-content\/uploads\/2024\/08\/1024x512_corsi_1.png 1024w, https:\/\/analysismedlav.it\/wp-content\/uploads\/2024\/08\/1024x512_corsi_1-300x150.png 300w, https:\/\/analysismedlav.it\/wp-content\/uploads\/2024\/08\/1024x512_corsi_1-768x384.png 768w\" sizes=\"(max-width: 1024px) 100vw, 1024px\" \/><\/a><\/figure><div class=\"elementor-image-box-content\"><h4 class=\"elementor-image-box-title\"><a href=\"https:\/\/library.elementor.com\/local-services-wireframe-1-flexbox\/services\/#service_1\">Una guida per la formazione<\/a><\/h4><p class=\"elementor-image-box-description\">E' importante e fondamentale che Azienda, Datore di Lavoro e Addetti alla sicurezza in Azienda siano consigliati e guidati nella scelta e nell'applicazione dei corretti percorsi di formazione.\n<br> Parte del nostro compito di consulenza \u00e8 esattamente questo: fornire ai nostri Clienti la corretta formazione in ambito D.Lgs. 81\/08<\/p><\/div><\/div>\t\t\t\t<\/div>\n\t\t\t\t<\/div>\n\t\t\t\t<div class=\"elementor-element elementor-element-e436a8c elementor-widget-tablet__width-initial elementor-widget-mobile__width-inherit elementor-widget__width-initial elementor-position-top elementor-widget elementor-widget-image-box\" data-id=\"e436a8c\" data-element_type=\"widget\" data-e-type=\"widget\" data-widget_type=\"image-box.default\">\n\t\t\t\t<div class=\"elementor-widget-container\">\n\t\t\t\t\t<div class=\"elementor-image-box-wrapper\"><figure class=\"elementor-image-box-img\"><a href=\"https:\/\/library.elementor.com\/local-services-wireframe-1-flexbox\/services\/#service_2\" tabindex=\"-1\"><img loading=\"lazy\" decoding=\"async\" width=\"1024\" height=\"512\" src=\"https:\/\/analysismedlav.it\/wp-content\/uploads\/2024\/08\/1024x512_corsi_2.png\" class=\"attachment-full size-full wp-image-14086\" alt=\"\" srcset=\"https:\/\/analysismedlav.it\/wp-content\/uploads\/2024\/08\/1024x512_corsi_2.png 1024w, https:\/\/analysismedlav.it\/wp-content\/uploads\/2024\/08\/1024x512_corsi_2-300x150.png 300w, https:\/\/analysismedlav.it\/wp-content\/uploads\/2024\/08\/1024x512_corsi_2-768x384.png 768w\" sizes=\"(max-width: 1024px) 100vw, 1024px\" \/><\/a><\/figure><div class=\"elementor-image-box-content\"><h4 class=\"elementor-image-box-title\"><a href=\"https:\/\/library.elementor.com\/local-services-wireframe-1-flexbox\/services\/#service_2\">Gamma completa di corsi<\/a><\/h4><p class=\"elementor-image-box-description\">Svolgiamo i corsi di formazione attraverso l'operato di Formatori per la sicurezza interni,  qualificati ai sensi della normativa vigente e con il supporto di personale docente in collaborazione.<br> Soddisfiamo l'esigenza formativa dei nostri Clienti nella sua totalit\u00e0.<\/p><\/div><\/div>\t\t\t\t<\/div>\n\t\t\t\t<\/div>\n\t\t\t\t<div class=\"elementor-element elementor-element-93480f7 elementor-widget-tablet__width-initial elementor-widget-mobile__width-inherit elementor-widget__width-initial elementor-position-top elementor-widget elementor-widget-image-box\" data-id=\"93480f7\" data-element_type=\"widget\" data-e-type=\"widget\" data-widget_type=\"image-box.default\">\n\t\t\t\t<div class=\"elementor-widget-container\">\n\t\t\t\t\t<div class=\"elementor-image-box-wrapper\"><figure class=\"elementor-image-box-img\"><a href=\"https:\/\/library.elementor.com\/local-services-wireframe-1-flexbox\/services\/#service_3\" tabindex=\"-1\"><img loading=\"lazy\" decoding=\"async\" width=\"1024\" height=\"512\" src=\"https:\/\/analysismedlav.it\/wp-content\/uploads\/2024\/08\/1024x512_corsi_3.png\" class=\"attachment-full size-full wp-image-14085\" alt=\"\" srcset=\"https:\/\/analysismedlav.it\/wp-content\/uploads\/2024\/08\/1024x512_corsi_3.png 1024w, https:\/\/analysismedlav.it\/wp-content\/uploads\/2024\/08\/1024x512_corsi_3-300x150.png 300w, https:\/\/analysismedlav.it\/wp-content\/uploads\/2024\/08\/1024x512_corsi_3-768x384.png 768w\" sizes=\"(max-width: 1024px) 100vw, 1024px\" \/><\/a><\/figure><div class=\"elementor-image-box-content\"><h4 class=\"elementor-image-box-title\"><a href=\"https:\/\/library.elementor.com\/local-services-wireframe-1-flexbox\/services\/#service_3\">In aula e in sede Aziendale<\/a><\/h4><p class=\"elementor-image-box-description\">I corsi di formazione sono organizzati con cadenza periodica presso le nostre sedi di Cairo Montenotte - Corso Marconi 168a - e di Savona - Via Piave 10\/2. <br> Sono organizzati, su richiesta,corsi presso le Sedi Aziendali dei Clienti, in locali idonei allo scopo.\n<\/p><\/div><\/div>\t\t\t\t<\/div>\n\t\t\t\t<\/div>\n\t\t\t\t<div class=\"elementor-element elementor-element-b61d198 elementor-widget-tablet__width-initial elementor-widget-mobile__width-inherit elementor-widget__width-initial elementor-position-top elementor-widget elementor-widget-image-box\" data-id=\"b61d198\" data-element_type=\"widget\" data-e-type=\"widget\" data-widget_type=\"image-box.default\">\n\t\t\t\t<div class=\"elementor-widget-container\">\n\t\t\t\t\t<div class=\"elementor-image-box-wrapper\"><figure class=\"elementor-image-box-img\"><a href=\"https:\/\/library.elementor.com\/local-services-wireframe-1-flexbox\/services\/#service_4\" tabindex=\"-1\"><img loading=\"lazy\" decoding=\"async\" width=\"1024\" height=\"512\" src=\"https:\/\/analysismedlav.it\/wp-content\/uploads\/2024\/08\/1024x512_corsi_4-Copia-Copia.png\" class=\"attachment-full size-full wp-image-14095\" alt=\"\" srcset=\"https:\/\/analysismedlav.it\/wp-content\/uploads\/2024\/08\/1024x512_corsi_4-Copia-Copia.png 1024w, https:\/\/analysismedlav.it\/wp-content\/uploads\/2024\/08\/1024x512_corsi_4-Copia-Copia-300x150.png 300w, https:\/\/analysismedlav.it\/wp-content\/uploads\/2024\/08\/1024x512_corsi_4-Copia-Copia-768x384.png 768w\" sizes=\"(max-width: 1024px) 100vw, 1024px\" \/><\/a><\/figure><div class=\"elementor-image-box-content\"><h4 class=\"elementor-image-box-title\"><a href=\"https:\/\/library.elementor.com\/local-services-wireframe-1-flexbox\/services\/#service_4\">Utilizzo della tecnologia<\/a><\/h4><p class=\"elementor-image-box-description\">Ove consentito dalla normativa possiamo fornire la possibilit\u00e0 di frequentare i corsi di formazione anche in modalit\u00e0 \"on-line\" attraverso una connessione internet  , sia in modalit\u00e0 \"e-learning\" che in modalit\u00e0 \"videoconferenza sincrona\". <\/p><\/div><\/div>\t\t\t\t<\/div>\n\t\t\t\t<\/div>\n\t\t\t\t<\/div>\n\t\t\t\t<\/div>\n\t\t<div class=\"elementor-element elementor-element-69b3155 e-flex e-con-boxed e-con e-parent\" data-id=\"69b3155\" data-element_type=\"container\" data-e-type=\"container\">\n\t\t\t\t\t<div class=\"e-con-inner\">\n\t\t\t\t\t<\/div>\n\t\t\t\t<\/div>\n\t\t<div class=\"elementor-element elementor-element-336f0f5 e-flex e-con-boxed e-con e-parent\" data-id=\"336f0f5\" data-element_type=\"container\" data-e-type=\"container\" data-settings=\"{&quot;background_background&quot;:&quot;classic&quot;}\">\n\t\t\t\t\t<div class=\"e-con-inner\">\n\t\t<div class=\"elementor-element elementor-element-8264448 e-con-full e-flex e-con e-child\" data-id=\"8264448\" data-element_type=\"container\" data-e-type=\"container\">\n\t\t\t\t<div class=\"elementor-element elementor-element-66ca23a animated-slow elementor-invisible elementor-widget elementor-widget-heading\" data-id=\"66ca23a\" data-element_type=\"widget\" data-e-type=\"widget\" data-settings=\"{&quot;_animation&quot;:&quot;fadeIn&quot;}\" data-widget_type=\"heading.default\">\n\t\t\t\t<div class=\"elementor-widget-container\">\n\t\t\t\t\t<h2 class=\"elementor-heading-title elementor-size-default\">10 Domande<\/h2>\t\t\t\t<\/div>\n\t\t\t\t<\/div>\n\t\t\t\t<div class=\"elementor-element elementor-element-64103fe animated-slow elementor-invisible elementor-widget elementor-widget-heading\" data-id=\"64103fe\" data-element_type=\"widget\" data-e-type=\"widget\" data-settings=\"{&quot;_animation&quot;:&quot;fadeIn&quot;}\" data-widget_type=\"heading.default\">\n\t\t\t\t<div class=\"elementor-widget-container\">\n\t\t\t\t\t<h2 class=\"elementor-heading-title elementor-size-default\">Per Approfondire<\/h2>\t\t\t\t<\/div>\n\t\t\t\t<\/div>\n\t\t\t\t<div class=\"elementor-element elementor-element-554f9d6 elementor-widget-mobile__width-inherit elementor-invisible elementor-widget elementor-widget-text-editor\" data-id=\"554f9d6\" data-element_type=\"widget\" data-e-type=\"widget\" data-settings=\"{&quot;_animation&quot;:&quot;fadeIn&quot;,&quot;_animation_delay&quot;:200}\" data-widget_type=\"text-editor.default\">\n\t\t\t\t<div class=\"elementor-widget-container\">\n\t\t\t\t\t\t\t\t\t<p>Saremo lieti di rispondere a tutte le vostre richieste di approfondimento e di chiarimenti in merito al servizio che vi possiamo offrire.<br \/>Ecco a seguire alcuni dei principali punti di questa sezione:<\/p>\t\t\t\t\t\t\t\t<\/div>\n\t\t\t\t<\/div>\n\t\t\t\t<\/div>\n\t\t\t\t<div class=\"elementor-element elementor-element-7a632a9 elementor-widget__width-initial elementor-widget-tablet__width-inherit elementor-widget elementor-widget-toggle\" data-id=\"7a632a9\" data-element_type=\"widget\" data-e-type=\"widget\" data-widget_type=\"toggle.default\">\n\t\t\t\t<div class=\"elementor-widget-container\">\n\t\t\t\t\t\t\t<div class=\"elementor-toggle\">\n\t\t\t\t\t\t\t<div class=\"elementor-toggle-item\">\n\t\t\t\t\t<div id=\"elementor-tab-title-1281\" class=\"elementor-tab-title\" data-tab=\"1\" role=\"button\" aria-controls=\"elementor-tab-content-1281\" aria-expanded=\"false\">\n\t\t\t\t\t\t\t\t\t\t\t\t<a class=\"elementor-toggle-title\" tabindex=\"0\">Chi deve frequentare i corsi obbligatori?<\/a>\n\t\t\t\t\t<\/div>\n\n\t\t\t\t\t<div id=\"elementor-tab-content-1281\" class=\"elementor-tab-content elementor-clearfix\" data-tab=\"1\" role=\"region\" aria-labelledby=\"elementor-tab-title-1281\"><p>Per tutte le attivit\u00e0 che coinvolgono almeno un lavoratore, oltre al datore di lavoro &#8211; che pu\u00f2 essere un dipendente, un socio lavoratore, un collaboratore a progetto, un lavoratore occasionale o uno stagista &#8211; il D. Lgs. 81\/08 richiede la nomina di figure specifiche per la sicurezza sul lavoro.<\/p><p>Di conseguenza, \u00e8 prevista una formazione obbligatoria specifica per ciascuna di queste figure, talvolta in relazione al livello di rischio dell\u2019attivit\u00e0 svolta dall\u2019azienda.<\/p><p>Il datore di lavoro \u00e8 tenuto a fornire una formazione adeguata, mentre il lavoratore \u00e8 obbligato a partecipare alla formazione organizzata dall\u2019azienda.<\/p><\/div>\n\t\t\t\t<\/div>\n\t\t\t\t\t\t\t<div class=\"elementor-toggle-item\">\n\t\t\t\t\t<div id=\"elementor-tab-title-1282\" class=\"elementor-tab-title\" data-tab=\"2\" role=\"button\" aria-controls=\"elementor-tab-content-1282\" aria-expanded=\"false\">\n\t\t\t\t\t\t\t\t\t\t\t\t<a class=\"elementor-toggle-title\" tabindex=\"0\">Con quali modalit\u00e0 possono essere frequentati i corsi?<\/a>\n\t\t\t\t\t<\/div>\n\n\t\t\t\t\t<div id=\"elementor-tab-content-1282\" class=\"elementor-tab-content elementor-clearfix\" data-tab=\"2\" role=\"region\" aria-labelledby=\"elementor-tab-title-1282\"><p>I corsi sulla sicurezza possono essere frequentati in presenza oppure in modalit\u00e0 on-line, a seconda della tipologia di corso.<br \/>La formazione online, a sua volta, si divide in:<br \/>&#8211; videoconferenza (formazione sincrona)<br \/>&#8211; e-learning (formazione asincrona)<br \/>Attraverso la nostra partnership con enti formativi accreditati possiamo erogare ai nostri Clienti qualsiasi tipo di formazione essi necessitino &#8211; nel rispetto, appunto, dei limiti e di quanto richiesto dalla normativa affinch\u00e8 gli attestati godano di piena validit\u00e0.<\/p><\/div>\n\t\t\t\t<\/div>\n\t\t\t\t\t\t\t<div class=\"elementor-toggle-item\">\n\t\t\t\t\t<div id=\"elementor-tab-title-1283\" class=\"elementor-tab-title\" data-tab=\"3\" role=\"button\" aria-controls=\"elementor-tab-content-1283\" aria-expanded=\"false\">\n\t\t\t\t\t\t\t\t\t\t\t\t<a class=\"elementor-toggle-title\" tabindex=\"0\">Qual'\u00e8 la differenza tra videoconferenza ed e-learning?<\/a>\n\t\t\t\t\t<\/div>\n\n\t\t\t\t\t<div id=\"elementor-tab-content-1283\" class=\"elementor-tab-content elementor-clearfix\" data-tab=\"3\" role=\"region\" aria-labelledby=\"elementor-tab-title-1283\"><p>La videoconferenza \u00e8 caratterizzata dalla presenza contemporanea &#8220;dal vivo&#8221; di personale formatore e alunni del corso. E&#8217; prevista la possibilit\u00e0 di interagire dal vivo con il formatore &#8211; proprio come se si fosse nel contesto di un&#8217;aula vera e propria.<br \/>La formazione e-learning \u00e8 invece caratterizzata dalla non necessaria presenza contemporanea del formatore e degli alunni. I contenuti della formazione possono essere fruiti in qualsiasi momento e con svariati mezzi informatici. Il sistema informatico solitamente si occupa di verificare in modo automatico l&#8217;effettiva presenza del corsista di fronte allo schermo, in modo da garantire la effettiva fruizione dei contenuti.<\/p><\/div>\n\t\t\t\t<\/div>\n\t\t\t\t\t\t\t<div class=\"elementor-toggle-item\">\n\t\t\t\t\t<div id=\"elementor-tab-title-1284\" class=\"elementor-tab-title\" data-tab=\"4\" role=\"button\" aria-controls=\"elementor-tab-content-1284\" aria-expanded=\"false\">\n\t\t\t\t\t\t\t\t\t\t\t\t<a class=\"elementor-toggle-title\" tabindex=\"0\">Quali corsi possono essere svolti in modalit\u00e0 e-learning?<\/a>\n\t\t\t\t\t<\/div>\n\n\t\t\t\t\t<div id=\"elementor-tab-content-1284\" class=\"elementor-tab-content elementor-clearfix\" data-tab=\"4\" role=\"region\" aria-labelledby=\"elementor-tab-title-1284\"><p>La normativa in tema di salute e sicurezza sul lavoro prevede quali corsi possano essere svolti in modalit\u00e0 e-learning, come elencato di seguito:<br \/>&#8211; Formazione lavoratori parte generale<br \/>&#8211; Formazione lavoratori parte specifica &#8211; rischio basso<br \/>&#8211; Formazione lavoratori &#8211; aggiornamento<br \/>&#8211; Formazione preposti (una parte)<br \/>&#8211; Formazione dirigenti<br \/>&#8211; Aggiornamento dirigenti e preposti<br \/>&#8211; RSPP modulo A<br \/>&#8211; Aggiornamento RSPP<br \/>&#8211; Aggiornamento coordinatori per la sicurezza 40 ore<br \/>&#8211; Parte della formazione RSPP Datore di Lavoro<\/p><\/div>\n\t\t\t\t<\/div>\n\t\t\t\t\t\t\t<div class=\"elementor-toggle-item\">\n\t\t\t\t\t<div id=\"elementor-tab-title-1285\" class=\"elementor-tab-title\" data-tab=\"5\" role=\"button\" aria-controls=\"elementor-tab-content-1285\" aria-expanded=\"false\">\n\t\t\t\t\t\t\t\t\t\t\t\t<a class=\"elementor-toggle-title\" tabindex=\"0\">Quali sono i requisiti del formatore per la sicurezza?<\/a>\n\t\t\t\t\t<\/div>\n\n\t\t\t\t\t<div id=\"elementor-tab-content-1285\" class=\"elementor-tab-content elementor-clearfix\" data-tab=\"5\" role=\"region\" aria-labelledby=\"elementor-tab-title-1285\"><p>Per essere formatori sulla sicurezza ai sensi del D.Lgs. 81\/08 bisogna seguire percorsi ben precisi, fissati dalla normativa vigente.<br \/>Questo \u00e8 uno dei requisiti essenziali affinch\u00e8 gli attestati rilasciati ai Lavoratori ed al Datore di Lavoro godano di effettiva validit\u00e0.<br \/>I docenti Analysis Med.Lav. sono in possesso dei titoli e requisiti richiesti e rispondenti a quanto previsto dal D.Lgs. 81\/08, &#8220;Criteri di qualificazione del formatore per la sicurezza sul lavoro&#8221;.<\/p><\/div>\n\t\t\t\t<\/div>\n\t\t\t\t\t\t\t<div class=\"elementor-toggle-item\">\n\t\t\t\t\t<div id=\"elementor-tab-title-1286\" class=\"elementor-tab-title\" data-tab=\"6\" role=\"button\" aria-controls=\"elementor-tab-content-1286\" aria-expanded=\"false\">\n\t\t\t\t\t\t\t\t\t\t\t\t<a class=\"elementor-toggle-title\" tabindex=\"0\">I corsi per la sicurezza vanno aggiornati?<\/a>\n\t\t\t\t\t<\/div>\n\n\t\t\t\t\t<div id=\"elementor-tab-content-1286\" class=\"elementor-tab-content elementor-clearfix\" data-tab=\"6\" role=\"region\" aria-labelledby=\"elementor-tab-title-1286\"><p>S\u00ec, per la maggior parte degli attestati. Una volta ottenuta la certificazione iniziale la maggior parte dei corsi presenta una scadenza, riportata sull&#8217;attestato iniziale.<br \/>Per rinnovare una certificazione \u00e8 necessario frequentare un corso di aggiornamento.<br \/>Se non si adempie all&#8217;aggiornamento del corso entro i termini della sua scadenza l&#8217;attestazione perde validit\u00e0, il Datore di Lavoro \u00e8 sanzionabile e bisogner\u00e0 frequentare comunque il corso come se fosse quello iniziale.<\/p><\/div>\n\t\t\t\t<\/div>\n\t\t\t\t\t\t\t<div class=\"elementor-toggle-item\">\n\t\t\t\t\t<div id=\"elementor-tab-title-1287\" class=\"elementor-tab-title\" data-tab=\"7\" role=\"button\" aria-controls=\"elementor-tab-content-1287\" aria-expanded=\"false\">\n\t\t\t\t\t\t\t\t\t\t\t\t<a class=\"elementor-toggle-title\" tabindex=\"0\">Qual'\u00e8 la differenza tra informazione, formazione e addestramento?<\/a>\n\t\t\t\t\t<\/div>\n\n\t\t\t\t\t<div id=\"elementor-tab-content-1287\" class=\"elementor-tab-content elementor-clearfix\" data-tab=\"7\" role=\"region\" aria-labelledby=\"elementor-tab-title-1287\"><p>Tutti coloro che sono coinvolti nella sicurezza sul lavoro devono essere informati e formati sui rischi presenti e sulle misure di prevenzione e protezione da adottare. A seconda delle attivit\u00e0 svolte, potrebbe essere necessario anche un addestramento.<\/p><p>Le differenze tra informazione, formazione e addestramento sono le seguenti:<\/p><ul><li>Informazione:\u00a0 insieme di attivit\u00e0 volte a fornire conoscenze utili per identificare, ridurre e gestire i rischi nell\u2019ambiente di lavoro.<\/li><li>Formazione:\u00a0 processo educativo che trasferisce alle lavoratrici, ai lavoratori e agli altri soggetti del sistema di prevenzione e protezione le conoscenze e le procedure necessarie per acquisire competenze utili a svolgere in sicurezza i rispettivi compiti in azienda, oltre a identificare, ridurre e gestire i rischi.<\/li><li>Addestramento:\u00a0 insieme di attivit\u00e0 volte a insegnare ai lavoratori l\u2019uso corretto di attrezzature, macchine, impianti, sostanze, dispositivi, anche di protezione individuale, e le procedure di lavoro.<\/li><\/ul><\/div>\n\t\t\t\t<\/div>\n\t\t\t\t\t\t\t<div class=\"elementor-toggle-item\">\n\t\t\t\t\t<div id=\"elementor-tab-title-1288\" class=\"elementor-tab-title\" data-tab=\"8\" role=\"button\" aria-controls=\"elementor-tab-content-1288\" aria-expanded=\"false\">\n\t\t\t\t\t\t\t\t\t\t\t\t<a class=\"elementor-toggle-title\" tabindex=\"0\">E' obbligatorio il corso formazione Lavoratori?<\/a>\n\t\t\t\t\t<\/div>\n\n\t\t\t\t\t<div id=\"elementor-tab-content-1288\" class=\"elementor-tab-content elementor-clearfix\" data-tab=\"8\" role=\"region\" aria-labelledby=\"elementor-tab-title-1288\"><p>S\u00ec. L&#8217;obiettivo del D.Lgs. 81\/08 \u00e8 rendere sempre pi\u00f9 consapevoli i Lavoratori sui rischi generali dell&#8217;ambiente di lavoro e sui rischi specifici del settore di appartenenza (nonch\u00e8 formare Dirigenti e Preposti in materia di prevenzione e protezione sui luoghi di lavoro).<br \/>Il corso di formazione generale ha una durata di 4 ore ed \u00e8 dedicato alla presentazione dei concetti generali in tema di prevenzione e sicurezza sul lavoro.<br \/>Il corso di formazione specifica ha una durata variabile, in funzione del settore di appartenenza dell&#8217;Azienda. Da 4 ore per le Aziende a rischio basso fino a 12 ore per le Aziende a rischio alto.<br \/>Per tutti i Lavoratori \u00e8 previsto poi un aggiornamento quinquennale della durata di 6 ore.<\/p><\/div>\n\t\t\t\t<\/div>\n\t\t\t\t\t\t\t<div class=\"elementor-toggle-item\">\n\t\t\t\t\t<div id=\"elementor-tab-title-1289\" class=\"elementor-tab-title\" data-tab=\"9\" role=\"button\" aria-controls=\"elementor-tab-content-1289\" aria-expanded=\"false\">\n\t\t\t\t\t\t\t\t\t\t\t\t<a class=\"elementor-toggle-title\" tabindex=\"0\">Come si pu\u00f2 capire il grado di rischio di una Azienda?<\/a>\n\t\t\t\t\t<\/div>\n\n\t\t\t\t\t<div id=\"elementor-tab-content-1289\" class=\"elementor-tab-content elementor-clearfix\" data-tab=\"9\" role=\"region\" aria-labelledby=\"elementor-tab-title-1289\"><p>E&#8217; possibile verificare il grado di rischio della propria Azienda attraverso la consultazione del proprio codice ATECO<\/p><\/div>\n\t\t\t\t<\/div>\n\t\t\t\t\t\t\t<div class=\"elementor-toggle-item\">\n\t\t\t\t\t<div id=\"elementor-tab-title-12810\" class=\"elementor-tab-title\" data-tab=\"10\" role=\"button\" aria-controls=\"elementor-tab-content-12810\" aria-expanded=\"false\">\n\t\t\t\t\t\t\t\t\t\t\t\t<a class=\"elementor-toggle-title\" tabindex=\"0\">Formazione dei Lavoratori neo-assunti<\/a>\n\t\t\t\t\t<\/div>\n\n\t\t\t\t\t<div id=\"elementor-tab-content-12810\" class=\"elementor-tab-content elementor-clearfix\" data-tab=\"10\" role=\"region\" aria-labelledby=\"elementor-tab-title-12810\"><p>Sia gli Accordi Stato-Regioni in tema di sicurezza sul lavoro che il D.Lgs. 81\/08 riportano chiaramente l&#8217;obbligo del Datore di Lavoro di adempiere alla formazione del personale di nuova assunzione &#8211; e quindi di avviarli a rispettivi corsi di formazione: &#8220;anteriormente\u00a0o,\u00a0se ci\u00f2 non risulta possibile,\u00a0contestualmente all\u2019assunzione. In tale ultima ipotesi, ove non risulti possibile completare il corso di formazione\u00a0prima\u00a0della adibizione del dirigente, del preposto o del lavoratore alle proprie attivit\u00e0, il relativo percorso formativo deve essere\u00a0completato entro e non oltre 60 giorni dalla assunzione&#8221;<\/p><\/div>\n\t\t\t\t<\/div>\n\t\t\t\t\t\t\t\t\t\t<script type=\"application\/ld+json\">{\"@context\":\"https:\\\/\\\/schema.org\",\"@type\":\"FAQPage\",\"mainEntity\":[{\"@type\":\"Question\",\"name\":\"Chi deve frequentare i corsi obbligatori?\",\"acceptedAnswer\":{\"@type\":\"Answer\",\"text\":\"<p>Per tutte le attivit\\u00e0 che coinvolgono almeno un lavoratore, oltre al datore di lavoro &#8211; che pu\\u00f2 essere un dipendente, un socio lavoratore, un collaboratore a progetto, un lavoratore occasionale o uno stagista &#8211; il D. Lgs. 81\\\/08 richiede la nomina di figure specifiche per la sicurezza sul lavoro.<\\\/p><p>Di conseguenza, \\u00e8 prevista una formazione obbligatoria specifica per ciascuna di queste figure, talvolta in relazione al livello di rischio dell\\u2019attivit\\u00e0 svolta dall\\u2019azienda.<\\\/p><p>Il datore di lavoro \\u00e8 tenuto a fornire una formazione adeguata, mentre il lavoratore \\u00e8 obbligato a partecipare alla formazione organizzata dall\\u2019azienda.<\\\/p>\"}},{\"@type\":\"Question\",\"name\":\"Con quali modalit\\u00e0 possono essere frequentati i corsi?\",\"acceptedAnswer\":{\"@type\":\"Answer\",\"text\":\"<p>I corsi sulla sicurezza possono essere frequentati in presenza oppure in modalit\\u00e0 on-line, a seconda della tipologia di corso.<br \\\/>La formazione online, a sua volta, si divide in:<br \\\/>&#8211; videoconferenza (formazione sincrona)<br \\\/>&#8211; e-learning (formazione asincrona)<br \\\/>Attraverso la nostra partnership con enti formativi accreditati possiamo erogare ai nostri Clienti qualsiasi tipo di formazione essi necessitino &#8211; nel rispetto, appunto, dei limiti e di quanto richiesto dalla normativa affinch\\u00e8 gli attestati godano di piena validit\\u00e0.<\\\/p>\"}},{\"@type\":\"Question\",\"name\":\"Qual'\\u00e8 la differenza tra videoconferenza ed e-learning?\",\"acceptedAnswer\":{\"@type\":\"Answer\",\"text\":\"<p>La videoconferenza \\u00e8 caratterizzata dalla presenza contemporanea &#8220;dal vivo&#8221; di personale formatore e alunni del corso. E&#8217; prevista la possibilit\\u00e0 di interagire dal vivo con il formatore &#8211; proprio come se si fosse nel contesto di un&#8217;aula vera e propria.<br \\\/>La formazione e-learning \\u00e8 invece caratterizzata dalla non necessaria presenza contemporanea del formatore e degli alunni. I contenuti della formazione possono essere fruiti in qualsiasi momento e con svariati mezzi informatici. Il sistema informatico solitamente si occupa di verificare in modo automatico l&#8217;effettiva presenza del corsista di fronte allo schermo, in modo da garantire la effettiva fruizione dei contenuti.<\\\/p>\"}},{\"@type\":\"Question\",\"name\":\"Quali corsi possono essere svolti in modalit\\u00e0 e-learning?\",\"acceptedAnswer\":{\"@type\":\"Answer\",\"text\":\"<p>La normativa in tema di salute e sicurezza sul lavoro prevede quali corsi possano essere svolti in modalit\\u00e0 e-learning, come elencato di seguito:<br \\\/>&#8211; Formazione lavoratori parte generale<br \\\/>&#8211; Formazione lavoratori parte specifica &#8211; rischio basso<br \\\/>&#8211; Formazione lavoratori &#8211; aggiornamento<br \\\/>&#8211; Formazione preposti (una parte)<br \\\/>&#8211; Formazione dirigenti<br \\\/>&#8211; Aggiornamento dirigenti e preposti<br \\\/>&#8211; RSPP modulo A<br \\\/>&#8211; Aggiornamento RSPP<br \\\/>&#8211; Aggiornamento coordinatori per la sicurezza 40 ore<br \\\/>&#8211; Parte della formazione RSPP Datore di Lavoro<\\\/p>\"}},{\"@type\":\"Question\",\"name\":\"Quali sono i requisiti del formatore per la sicurezza?\",\"acceptedAnswer\":{\"@type\":\"Answer\",\"text\":\"<p>Per essere formatori sulla sicurezza ai sensi del D.Lgs. 81\\\/08 bisogna seguire percorsi ben precisi, fissati dalla normativa vigente.<br \\\/>Questo \\u00e8 uno dei requisiti essenziali affinch\\u00e8 gli attestati rilasciati ai Lavoratori ed al Datore di Lavoro godano di effettiva validit\\u00e0.<br \\\/>I docenti Analysis Med.Lav. sono in possesso dei titoli e requisiti richiesti e rispondenti a quanto previsto dal D.Lgs. 81\\\/08, &#8220;Criteri di qualificazione del formatore per la sicurezza sul lavoro&#8221;.<\\\/p>\"}},{\"@type\":\"Question\",\"name\":\"I corsi per la sicurezza vanno aggiornati?\",\"acceptedAnswer\":{\"@type\":\"Answer\",\"text\":\"<p>S\\u00ec, per la maggior parte degli attestati. Una volta ottenuta la certificazione iniziale la maggior parte dei corsi presenta una scadenza, riportata sull&#8217;attestato iniziale.<br \\\/>Per rinnovare una certificazione \\u00e8 necessario frequentare un corso di aggiornamento.<br \\\/>Se non si adempie all&#8217;aggiornamento del corso entro i termini della sua scadenza l&#8217;attestazione perde validit\\u00e0, il Datore di Lavoro \\u00e8 sanzionabile e bisogner\\u00e0 frequentare comunque il corso come se fosse quello iniziale.<\\\/p>\"}},{\"@type\":\"Question\",\"name\":\"Qual'\\u00e8 la differenza tra informazione, formazione e addestramento?\",\"acceptedAnswer\":{\"@type\":\"Answer\",\"text\":\"<p>Tutti coloro che sono coinvolti nella sicurezza sul lavoro devono essere informati e formati sui rischi presenti e sulle misure di prevenzione e protezione da adottare. A seconda delle attivit\\u00e0 svolte, potrebbe essere necessario anche un addestramento.<\\\/p><p>Le differenze tra informazione, formazione e addestramento sono le seguenti:<\\\/p><ul><li>Informazione:\\u00a0 insieme di attivit\\u00e0 volte a fornire conoscenze utili per identificare, ridurre e gestire i rischi nell\\u2019ambiente di lavoro.<\\\/li><li>Formazione:\\u00a0 processo educativo che trasferisce alle lavoratrici, ai lavoratori e agli altri soggetti del sistema di prevenzione e protezione le conoscenze e le procedure necessarie per acquisire competenze utili a svolgere in sicurezza i rispettivi compiti in azienda, oltre a identificare, ridurre e gestire i rischi.<\\\/li><li>Addestramento:\\u00a0 insieme di attivit\\u00e0 volte a insegnare ai lavoratori l\\u2019uso corretto di attrezzature, macchine, impianti, sostanze, dispositivi, anche di protezione individuale, e le procedure di lavoro.<\\\/li><\\\/ul>\"}},{\"@type\":\"Question\",\"name\":\"E' obbligatorio il corso formazione Lavoratori?\",\"acceptedAnswer\":{\"@type\":\"Answer\",\"text\":\"<p>S\\u00ec. L&#8217;obiettivo del D.Lgs. 81\\\/08 \\u00e8 rendere sempre pi\\u00f9 consapevoli i Lavoratori sui rischi generali dell&#8217;ambiente di lavoro e sui rischi specifici del settore di appartenenza (nonch\\u00e8 formare Dirigenti e Preposti in materia di prevenzione e protezione sui luoghi di lavoro).<br \\\/>Il corso di formazione generale ha una durata di 4 ore ed \\u00e8 dedicato alla presentazione dei concetti generali in tema di prevenzione e sicurezza sul lavoro.<br \\\/>Il corso di formazione specifica ha una durata variabile, in funzione del settore di appartenenza dell&#8217;Azienda. Da 4 ore per le Aziende a rischio basso fino a 12 ore per le Aziende a rischio alto.<br \\\/>Per tutti i Lavoratori \\u00e8 previsto poi un aggiornamento quinquennale della durata di 6 ore.<\\\/p>\"}},{\"@type\":\"Question\",\"name\":\"Come si pu\\u00f2 capire il grado di rischio di una Azienda?\",\"acceptedAnswer\":{\"@type\":\"Answer\",\"text\":\"<p>E&#8217; possibile verificare il grado di rischio della propria Azienda attraverso la consultazione del proprio codice ATECO<\\\/p>\"}},{\"@type\":\"Question\",\"name\":\"Formazione dei Lavoratori neo-assunti\",\"acceptedAnswer\":{\"@type\":\"Answer\",\"text\":\"<p>Sia gli Accordi Stato-Regioni in tema di sicurezza sul lavoro che il D.Lgs. 81\\\/08 riportano chiaramente l&#8217;obbligo del Datore di Lavoro di adempiere alla formazione del personale di nuova assunzione &#8211; e quindi di avviarli a rispettivi corsi di formazione: &#8220;anteriormente\\u00a0o,\\u00a0se ci\\u00f2 non risulta possibile,\\u00a0contestualmente all\\u2019assunzione. In tale ultima ipotesi, ove non risulti possibile completare il corso di formazione\\u00a0prima\\u00a0della adibizione del dirigente, del preposto o del lavoratore alle proprie attivit\\u00e0, il relativo percorso formativo deve essere\\u00a0completato entro e non oltre 60 giorni dalla assunzione&#8221;<\\\/p>\"}}]}<\/script>\n\t\t\t\t\t<\/div>\n\t\t\t\t\t\t<\/div>\n\t\t\t\t<\/div>\n\t\t\t\t\t<\/div>\n\t\t\t\t<\/div>\n\t\t\t\t<\/div>\n\t\t","protected":false},"excerpt":{"rendered":"<p>La consapevolezza crea Sicurezza Non \u00e8 uno slogan: Essere consapevoli della normativa obbligatoria in tema di salute e sicurezza sul lavoro, dei pericoli presenti sul luogo di lavoro, delle proprie responsabilit\u00e0 e dei propri compiti e doveri nella prevenzione di incidenti ed infortuni &#8211; fa la differenza &#8211; Una guida per la formazione E&#8217; importante&hellip;<\/p>\n","protected":false},"author":1,"featured_media":0,"parent":0,"menu_order":2,"comment_status":"closed","ping_status":"closed","template":"elementor_header_footer","meta":{"footnotes":""},"class_list":["post-13323","page","type-page","status-publish","hentry"],"_links":{"self":[{"href":"https:\/\/analysismedlav.it\/index.php\/wp-json\/wp\/v2\/pages\/13323","targetHints":{"allow":["GET"]}}],"collection":[{"href":"https:\/\/analysismedlav.it\/index.php\/wp-json\/wp\/v2\/pages"}],"about":[{"href":"https:\/\/analysismedlav.it\/index.php\/wp-json\/wp\/v2\/types\/page"}],"author":[{"embeddable":true,"href":"https:\/\/analysismedlav.it\/index.php\/wp-json\/wp\/v2\/users\/1"}],"replies":[{"embeddable":true,"href":"https:\/\/analysismedlav.it\/index.php\/wp-json\/wp\/v2\/comments?post=13323"}],"version-history":[{"count":75,"href":"https:\/\/analysismedlav.it\/index.php\/wp-json\/wp\/v2\/pages\/13323\/revisions"}],"predecessor-version":[{"id":14480,"href":"https:\/\/analysismedlav.it\/index.php\/wp-json\/wp\/v2\/pages\/13323\/revisions\/14480"}],"wp:attachment":[{"href":"https:\/\/analysismedlav.it\/index.php\/wp-json\/wp\/v2\/media?parent=13323"}],"curies":[{"name":"wp","href":"https:\/\/api.w.org\/{rel}","templated":true}]}}